{"id":4779,"date":"2021-08-24T08:48:33","date_gmt":"2021-08-24T06:48:33","guid":{"rendered":"https:\/\/www.cmc-group.info\/noticias\/"},"modified":"2024-03-18T15:50:23","modified_gmt":"2024-03-18T14:50:23","slug":"noticias","status":"publish","type":"page","link":"https:\/\/www.cmc-group.info\/es\/noticias\/","title":{"rendered":"Noticias"},"content":{"rendered":"<div class=\"pixelheader-section\">\n\t<div class=\"container\">\n\t\t<div class=\"content\">\n\t\t\t<div class=\"pixelheader layout-std slick\">\n\t\t\t\t\n\t\t\t\t\t\t\t\t\t\t\n\t\t\t\t\t<div class=\"headerslide \">\n\t\t\t\t\t\t<div class=\"headerslide-leftcol\">\n\t\t\t\t\t\t\t<div class=\"headerslide-leftcol-content\">\n\t\t\t\t\t\t\t\n\t\t\t\t\t\t\t\t\n\t\t\t\t\t\t\t\t\t\t\t\t\t\t\t\t\n\t\t\t\t\t\t\t\t<h1 class=\"headerslide-title\">Noticias<\/h3>\n\t\t\t\t\t\t\t\t<h3 class=\"headerslide-subtitle\">Mant\u00e9ngase al d\u00eda.<\/h3>\n\t\t\t\t\t\t\t\t\t\t\t\t\t\t\t<\/div>\n\t\t\t\t\t\t<\/div>\n\t\t\t\t\t\t<div class=\"headerslide-rightcol\">\n\t\t\t\t\t\t\t\t\t\t\t\t\t\t\t<div class=\"headerslide-header-img\">\n\t\t\t\t\t\t\t\t\t<img decoding=\"async\" src=\"https:\/\/www.cmc-group.info\/wp-content\/uploads\/cmc_kopfbild_news.png\" alt=\"slide-header-img\" \/>\n\t\t\t\t\t\t\t\t<\/div>\n\t\t\t\t\t\t\t\t\t\t\t\t\t\t\t\t\t\t\t\t\t\t<div class=\"headerslide-form\">\n\t\t\t\t\t\t\t\t\t<h3 class=\"headerslide-form-title\">Noticias<\/h3>\n\t\t\t\t\t\t\t\t\t<p class=\"headerslide-form-text\"><p>Empresa<br \/>\nInnovaciones<br \/>\nSostenibilidad<\/p>\n<\/p>\n\t\t\t\t\t\t\t\t<\/div>\n\t\t\t\t\t\t\t\t\t\t\t\t\t\t\t\t\t\t\t\t\t\t\t\t\t\t\t<\/div>\n\t\t\t\t\t<\/div>\n\t\t\t\t\t\t\t<\/div>\n\t\t<\/div>\n\t<\/div>\n<\/div>\n\n<div id='management'  class='avia-section av-ksyrbykw-f77592150d4814e7a50206b271d52b50 main_color avia-section-default avia-no-border-styling  avia-builder-el-1  el_after_pixelheader  avia-builder-el-last  avia-bg-style-scroll container_wrap fullsize'  ><div class='container av-section-cont-open' ><div class='template-page content  av-content-full alpha units'><div class='post-entry post-entry-type-page post-entry-4779'><div class='entry-content-wrapper clearfix'>\n\n<style type=\"text\/css\" data-created_by=\"avia_inline_auto\" id=\"style-css-av-163gc-09b52f3a54e34bd4b9ba1363bbb45328\">\n.flex_column.av-163gc-09b52f3a54e34bd4b9ba1363bbb45328{\nborder-radius:0px 0px 0px 0px;\npadding:0px 0px 0px 0px;\n}\n<\/style>\n<div  class='flex_column av-163gc-09b52f3a54e34bd4b9ba1363bbb45328 av_one_full  avia-builder-el-2  el_before_av_one_full  avia-builder-el-first  first flex_column_div av-zero-column-padding  '     ><p><div class=\"pxl-headline pxl-hl hl-wrap | hl-sub--off hl--align-left   baloo\">\n    <div class=\"hl-inner\">\n            <h2 class=\"hl-main hl-line |  hl_main--default blue \">Todas las contribuciones de un vistazo<\/h2>\n            \n    <\/div>\n<\/div>\n<br \/>\n<section  class='av_textblock_section av-ksyr9vqf-2b2f4442c5c5a51dcd6d7522c72bb81b '   itemscope=\"itemscope\" itemtype=\"https:\/\/schema.org\/CreativeWork\" ><div class='avia_textblock text-max-width'  itemprop=\"text\" ><p>Le mantendremos al d\u00eda de las noticias sobre nuestra empresa, las innovaciones de nuestros productos y nuestros esfuerzos por ser m\u00e1s sostenibles.<\/p>\n<\/div><\/section><\/p><\/div>\n<style type=\"text\/css\" data-created_by=\"avia_inline_auto\" id=\"style-css-av-1l4fc-996e5adaa1f301361156e1b567587a47\">\n.flex_column.av-1l4fc-996e5adaa1f301361156e1b567587a47{\nborder-radius:0px 0px 0px 0px;\npadding:0px 0px 0px 0px;\n}\n<\/style>\n<div  class='flex_column av-1l4fc-996e5adaa1f301361156e1b567587a47 av_one_full  avia-builder-el-5  el_after_av_one_full  avia-builder-el-last  news first flex_column_div av-zero-column-padding  column-top-margin'     ><br \/>\n<div   data-autoplay=''  data-interval='5'  data-animation='fade'  data-show_slide_delay='90'  class='avia-content-slider avia-content-grid-active avia-content-slider1 avia-content-slider-odd  avia-builder-el-7  el_after_av_codeblock  avia-builder-el-last  facetwp-template '  itemscope=\"itemscope\" itemtype=\"https:\/\/schema.org\/Blog\" ><div class='avia-content-slider-inner'><article class='slide-entry flex_column  post-entry post-entry-7307 slide-entry-overview slide-loop-1 slide-parity-odd  empresa av_one_third first real-thumbnail post-format-standard'  itemscope=\"itemscope\" itemtype=\"https:\/\/schema.org\/CreativeWork\" ><a href='https:\/\/www.cmc-group.info\/es\/discos-desodorantes-pure-clean-fresh-feel\/' data-rel='slide-1' class='slide-image' title='Discos Desodorantes \u2013 Pure Clean &#038; Fresh Feel'><img decoding=\"async\" fetchpriority=\"high\" width=\"1020\" height=\"480\" src=\"https:\/\/www.cmc-group.info\/wp-content\/uploads\/cmc_news_neopads.png\" class=\"wp-image-7356 avia-img-lazy-loading-not-7356 attachment-no scaling size-no scaling wp-post-image\" alt=\"\" srcset=\"https:\/\/www.cmc-group.info\/wp-content\/uploads\/cmc_news_neopads.png 1020w, https:\/\/www.cmc-group.info\/wp-content\/uploads\/cmc_news_neopads-300x141.png 300w, https:\/\/www.cmc-group.info\/wp-content\/uploads\/cmc_news_neopads-768x361.png 768w, https:\/\/www.cmc-group.info\/wp-content\/uploads\/cmc_news_neopads-705x332.png 705w\" sizes=\"(max-width: 1020px) 100vw, 1020px\" \/><\/a><div class='slide-content'><header class=\"entry-content-header\"><div class='slide-meta'><time class='slide-meta-time updated'  itemprop=\"datePublished\" datetime=\"2025-07-24T14:15:21+02:00\" >24 de julio de 2025<\/time><\/div><h3 class='slide-entry-title entry-title '  itemprop=\"datePublished\" datetime=\"2025-07-24T14:15:21+02:00\" ><a href='https:\/\/www.cmc-group.info\/es\/discos-desodorantes-pure-clean-fresh-feel\/' title='Discos Desodorantes \u2013 Pure Clean &#038; Fresh Feel'>Discos Desodorantes \u2013 Pure Clean &#038; Fresh Feel<\/a><\/h3><\/header><div class='slide-entry-excerpt entry-content'  itemprop=\"text\" >Ya sea en el ajetreo del d\u00eda a d\u00eda o en cualquier situaci\u00f3n, la sensaci\u00f3n de frescura te da la seguridad de estar siempre preparado. Nuestros discos desodorantes 2 en 1 \u00abPure Clean & Fresh Feel\u00bb han sido creados para ofrecerte una sensaci\u00f3n de limpieza, frescor y confianza que te acompa\u00f1ar\u00e1 durante todo el d\u00eda. Su suave acci\u00f3n limpiadora elimina de manera eficaz el sudor y los malos olores sin irritar la piel.<div class=\"read-more-link\"><a href=\"https:\/\/www.cmc-group.info\/es\/discos-desodorantes-pure-clean-fresh-feel\/\" class=\"more-link\">M\u00e1s informaci\u00f3n<\/a><\/div><\/div><\/div><footer class=\"entry-footer\"><\/footer><span class='hidden'>\n\t\t\t\t<span class='av-structured-data'  itemprop=\"image\" itemscope=\"itemscope\" itemtype=\"https:\/\/schema.org\/ImageObject\" >\n\t\t\t\t\t\t<span itemprop='url'>https:\/\/www.cmc-group.info\/wp-content\/uploads\/cmc_news_neopads.png<\/span>\n\t\t\t\t\t\t<span itemprop='height'>480<\/span>\n\t\t\t\t\t\t<span itemprop='width'>1020<\/span>\n\t\t\t\t<\/span>\n\t\t\t\t<span class='av-structured-data'  itemprop=\"publisher\" itemtype=\"https:\/\/schema.org\/Organization\" itemscope=\"itemscope\" >\n\t\t\t\t\t\t<span itemprop='name'>pixel-admin<\/span>\n\t\t\t\t\t\t<span itemprop='logo' itemscope itemtype='https:\/\/schema.org\/ImageObject'>\n\t\t\t\t\t\t\t<span itemprop='url'>https:\/\/www.cmc-group.info\/wp-content\/uploads\/cmc_logo_icon.svg<\/span>\n\t\t\t\t\t\t<\/span>\n\t\t\t\t<\/span><span class='av-structured-data'  itemprop=\"author\" itemscope=\"itemscope\" itemtype=\"https:\/\/schema.org\/Person\" ><span itemprop='name'>pixel-admin<\/span><\/span><span class='av-structured-data'  itemprop=\"datePublished\" datetime=\"2021-08-24T08:48:33+02:00\" >2025-07-24 14:15:21<\/span><span class='av-structured-data'  itemprop=\"dateModified\" itemtype=\"https:\/\/schema.org\/dateModified\" >2025-10-17 10:11:39<\/span><span class='av-structured-data'  itemprop=\"mainEntityOfPage\" itemtype=\"https:\/\/schema.org\/mainEntityOfPage\" ><span itemprop='name'>Discos Desodorantes \u2013 Pure Clean &#038; Fresh Feel<\/span><\/span><\/span><\/article><article class='slide-entry flex_column  post-entry post-entry-7256 slide-entry-overview slide-loop-2 slide-parity-even  empresa innovaciones sostenibilidad av_one_third  real-thumbnail post-format-standard'  itemscope=\"itemscope\" itemtype=\"https:\/\/schema.org\/CreativeWork\" ><a href='https:\/\/www.cmc-group.info\/es\/cmc-consigue-el-3er-puesto-en-el-premio-a-la-innovacion-en-biopolimeros-2025\/' data-rel='slide-1' class='slide-image' title='CMC consigue el 3er puesto en el Premio a la Innovaci\u00f3n en Biopol\u00edmeros 2025'><img decoding=\"async\" fetchpriority=\"high\" width=\"1920\" height=\"903\" src=\"https:\/\/www.cmc-group.info\/wp-content\/uploads\/Award-2025_kopfbild.jpg\" class=\"wp-image-7252 avia-img-lazy-loading-not-7252 attachment-no scaling size-no scaling wp-post-image\" alt=\"\" srcset=\"https:\/\/www.cmc-group.info\/wp-content\/uploads\/Award-2025_kopfbild.jpg 1920w, https:\/\/www.cmc-group.info\/wp-content\/uploads\/Award-2025_kopfbild-300x141.jpg 300w, https:\/\/www.cmc-group.info\/wp-content\/uploads\/Award-2025_kopfbild-1030x484.jpg 1030w, https:\/\/www.cmc-group.info\/wp-content\/uploads\/Award-2025_kopfbild-768x361.jpg 768w, https:\/\/www.cmc-group.info\/wp-content\/uploads\/Award-2025_kopfbild-1536x722.jpg 1536w, https:\/\/www.cmc-group.info\/wp-content\/uploads\/Award-2025_kopfbild-1021x480.jpg 1021w, https:\/\/www.cmc-group.info\/wp-content\/uploads\/Award-2025_kopfbild-1500x705.jpg 1500w, https:\/\/www.cmc-group.info\/wp-content\/uploads\/Award-2025_kopfbild-705x332.jpg 705w\" sizes=\"(max-width: 1920px) 100vw, 1920px\" \/><\/a><div class='slide-content'><header class=\"entry-content-header\"><div class='slide-meta'><time class='slide-meta-time updated'  itemprop=\"datePublished\" datetime=\"2025-07-17T13:39:37+02:00\" >17 de julio de 2025<\/time><\/div><h3 class='slide-entry-title entry-title '  itemprop=\"datePublished\" datetime=\"2025-07-17T13:39:37+02:00\" ><a href='https:\/\/www.cmc-group.info\/es\/cmc-consigue-el-3er-puesto-en-el-premio-a-la-innovacion-en-biopolimeros-2025\/' title='CMC consigue el 3er puesto en el Premio a la Innovaci\u00f3n en Biopol\u00edmeros 2025'>CMC consigue el 3er puesto en el Premio a la Innovaci\u00f3n en Biopol\u00edmeros 2025<\/a><\/h3><\/header><div class='slide-entry-excerpt entry-content'  itemprop=\"text\" >Desde el 20. - Desde el 21 de mayo de 2025, CMC volvi\u00f3 a estar representada como expositor en la PLMA (Asociaci\u00f3n de Fabricantes de Marcas de Distribuidor), la mayor plataforma internacional de ferias para la industria de las marcas de distribuidor. M\u00e1s de 32.000 expertos del comercio minorista de todo el mundo asistieron a la feria en \u00c1msterdam. Alrededor de 3.150 empresas de 75 pa\u00edses estuvieron representadas como expositores.  <div class=\"read-more-link\"><a href=\"https:\/\/www.cmc-group.info\/es\/cmc-consigue-el-3er-puesto-en-el-premio-a-la-innovacion-en-biopolimeros-2025\/\" class=\"more-link\">M\u00e1s informaci\u00f3n<\/a><\/div><\/div><\/div><footer class=\"entry-footer\"><\/footer><span class='hidden'>\n\t\t\t\t<span class='av-structured-data'  itemprop=\"image\" itemscope=\"itemscope\" itemtype=\"https:\/\/schema.org\/ImageObject\" >\n\t\t\t\t\t\t<span itemprop='url'>https:\/\/www.cmc-group.info\/wp-content\/uploads\/Award-2025_kopfbild.jpg<\/span>\n\t\t\t\t\t\t<span itemprop='height'>903<\/span>\n\t\t\t\t\t\t<span itemprop='width'>1920<\/span>\n\t\t\t\t<\/span>\n\t\t\t\t<span class='av-structured-data'  itemprop=\"publisher\" itemtype=\"https:\/\/schema.org\/Organization\" itemscope=\"itemscope\" >\n\t\t\t\t\t\t<span itemprop='name'>pixel-admin<\/span>\n\t\t\t\t\t\t<span itemprop='logo' itemscope itemtype='https:\/\/schema.org\/ImageObject'>\n\t\t\t\t\t\t\t<span itemprop='url'>https:\/\/www.cmc-group.info\/wp-content\/uploads\/cmc_logo_icon.svg<\/span>\n\t\t\t\t\t\t<\/span>\n\t\t\t\t<\/span><span class='av-structured-data'  itemprop=\"author\" itemscope=\"itemscope\" itemtype=\"https:\/\/schema.org\/Person\" ><span itemprop='name'>pixel-admin<\/span><\/span><span class='av-structured-data'  itemprop=\"datePublished\" datetime=\"2021-08-24T08:48:33+02:00\" >2025-07-17 13:39:37<\/span><span class='av-structured-data'  itemprop=\"dateModified\" itemtype=\"https:\/\/schema.org\/dateModified\" >2025-07-17 13:39:37<\/span><span class='av-structured-data'  itemprop=\"mainEntityOfPage\" itemtype=\"https:\/\/schema.org\/mainEntityOfPage\" ><span itemprop='name'>CMC consigue el 3er puesto en el Premio a la Innovaci\u00f3n en Biopol\u00edmeros 2025<\/span><\/span><\/span><\/article><article class='slide-entry flex_column  post-entry post-entry-4505 slide-entry-overview slide-loop-3 slide-parity-odd  empresa sin-categorizar av_one_third  real-thumbnail post-format-standard'  itemscope=\"itemscope\" itemtype=\"https:\/\/schema.org\/CreativeWork\" ><a href='https:\/\/www.cmc-group.info\/es\/cmc-en-la-plma-2025\/' data-rel='slide-1' class='slide-image' title='CMC en la PLMA 2025'><img decoding=\"async\" fetchpriority=\"high\" width=\"2560\" height=\"1206\" src=\"https:\/\/www.cmc-group.info\/wp-content\/uploads\/cmc-beitrag-gruppenfoto-2-scaled.jpg\" class=\"wp-image-7146 avia-img-lazy-loading-not-7146 attachment-no scaling size-no scaling wp-post-image\" alt=\"\" srcset=\"https:\/\/www.cmc-group.info\/wp-content\/uploads\/cmc-beitrag-gruppenfoto-2-scaled.jpg 2560w, https:\/\/www.cmc-group.info\/wp-content\/uploads\/cmc-beitrag-gruppenfoto-2-300x141.jpg 300w, https:\/\/www.cmc-group.info\/wp-content\/uploads\/cmc-beitrag-gruppenfoto-2-1030x485.jpg 1030w, https:\/\/www.cmc-group.info\/wp-content\/uploads\/cmc-beitrag-gruppenfoto-2-768x362.jpg 768w, https:\/\/www.cmc-group.info\/wp-content\/uploads\/cmc-beitrag-gruppenfoto-2-1536x723.jpg 1536w, https:\/\/www.cmc-group.info\/wp-content\/uploads\/cmc-beitrag-gruppenfoto-2-2048x964.jpg 2048w, https:\/\/www.cmc-group.info\/wp-content\/uploads\/cmc-beitrag-gruppenfoto-2-1019x480.jpg 1019w, https:\/\/www.cmc-group.info\/wp-content\/uploads\/cmc-beitrag-gruppenfoto-2-1500x706.jpg 1500w, https:\/\/www.cmc-group.info\/wp-content\/uploads\/cmc-beitrag-gruppenfoto-2-705x332.jpg 705w\" sizes=\"(max-width: 2560px) 100vw, 2560px\" \/><\/a><div class='slide-content'><header class=\"entry-content-header\"><div class='slide-meta'><time class='slide-meta-time updated'  itemprop=\"datePublished\" datetime=\"2023-12-26T17:34:19+01:00\" >26 de diciembre de 2023<\/time><\/div><h3 class='slide-entry-title entry-title '  itemprop=\"datePublished\" datetime=\"2023-12-26T17:34:19+01:00\" ><a href='https:\/\/www.cmc-group.info\/es\/cmc-en-la-plma-2025\/' title='CMC en la PLMA 2025'>CMC en la PLMA 2025<\/a><\/h3><\/header><div class='slide-entry-excerpt entry-content'  itemprop=\"text\" >Del 20 - 21 de mayo de 2025, CMC volvi\u00f3 a estar representada como expositora en la PLMA (Asociaci\u00f3n de Fabricantes de Marcas de Distribuidor), la mayor plataforma ferial internacional para la industria de las marcas de distribuidor. M\u00e1s de 32.000 expertos comerciales de todo el mundo asistieron a Messer en \u00c1msterdam. Alrededor de 3.150 empresas de 75 pa\u00edses estuvieron representadas como expositores.<div class=\"read-more-link\"><a href=\"https:\/\/www.cmc-group.info\/es\/cmc-en-la-plma-2025\/\" class=\"more-link\">M\u00e1s informaci\u00f3n<\/a><\/div><\/div><\/div><footer class=\"entry-footer\"><\/footer><span class='hidden'>\n\t\t\t\t<span class='av-structured-data'  itemprop=\"image\" itemscope=\"itemscope\" itemtype=\"https:\/\/schema.org\/ImageObject\" >\n\t\t\t\t\t\t<span itemprop='url'>https:\/\/www.cmc-group.info\/wp-content\/uploads\/cmc-beitrag-gruppenfoto-2-scaled.jpg<\/span>\n\t\t\t\t\t\t<span itemprop='height'>1206<\/span>\n\t\t\t\t\t\t<span itemprop='width'>2560<\/span>\n\t\t\t\t<\/span>\n\t\t\t\t<span class='av-structured-data'  itemprop=\"publisher\" itemtype=\"https:\/\/schema.org\/Organization\" itemscope=\"itemscope\" >\n\t\t\t\t\t\t<span itemprop='name'>pixel-admin<\/span>\n\t\t\t\t\t\t<span itemprop='logo' itemscope itemtype='https:\/\/schema.org\/ImageObject'>\n\t\t\t\t\t\t\t<span itemprop='url'>https:\/\/www.cmc-group.info\/wp-content\/uploads\/cmc_logo_icon.svg<\/span>\n\t\t\t\t\t\t<\/span>\n\t\t\t\t<\/span><span class='av-structured-data'  itemprop=\"author\" itemscope=\"itemscope\" itemtype=\"https:\/\/schema.org\/Person\" ><span itemprop='name'>pixel-admin<\/span><\/span><span class='av-structured-data'  itemprop=\"datePublished\" datetime=\"2021-08-24T08:48:33+02:00\" >2023-12-26 17:34:19<\/span><span class='av-structured-data'  itemprop=\"dateModified\" itemtype=\"https:\/\/schema.org\/dateModified\" >2025-06-17 12:29:13<\/span><span class='av-structured-data'  itemprop=\"mainEntityOfPage\" itemtype=\"https:\/\/schema.org\/mainEntityOfPage\" ><span itemprop='name'>CMC en la PLMA 2025<\/span><\/span><\/span><\/article><article class='slide-entry flex_column  post-entry post-entry-4513 slide-entry-overview slide-loop-4 slide-parity-odd  empresa sin-categorizar av_one_third first real-thumbnail post-format-standard'  itemscope=\"itemscope\" itemtype=\"https:\/\/schema.org\/CreativeWork\" ><a href='https:\/\/www.cmc-group.info\/es\/de-la-formacion-a-la-vida-laboral\/' data-rel='slide-1' class='slide-image' title='Del programa de estudios dual a la vida profesional'><img decoding=\"async\" fetchpriority=\"high\" width=\"1080\" height=\"480\" src=\"https:\/\/www.cmc-group.info\/wp-content\/uploads\/news_vom-dualen-studium-ins-berufsleben.jpg\" class=\"wp-image-6691 avia-img-lazy-loading-not-6691 attachment-no scaling size-no scaling wp-post-image\" alt=\"\" srcset=\"https:\/\/www.cmc-group.info\/wp-content\/uploads\/news_vom-dualen-studium-ins-berufsleben.jpg 1080w, https:\/\/www.cmc-group.info\/wp-content\/uploads\/news_vom-dualen-studium-ins-berufsleben-300x133.jpg 300w, https:\/\/www.cmc-group.info\/wp-content\/uploads\/news_vom-dualen-studium-ins-berufsleben-1030x458.jpg 1030w, https:\/\/www.cmc-group.info\/wp-content\/uploads\/news_vom-dualen-studium-ins-berufsleben-768x341.jpg 768w, https:\/\/www.cmc-group.info\/wp-content\/uploads\/news_vom-dualen-studium-ins-berufsleben-705x313.jpg 705w\" sizes=\"(max-width: 1080px) 100vw, 1080px\" \/><\/a><div class='slide-content'><header class=\"entry-content-header\"><div class='slide-meta'><time class='slide-meta-time updated'  itemprop=\"datePublished\" datetime=\"2023-12-19T10:16:01+01:00\" >19 de diciembre de 2023<\/time><\/div><h3 class='slide-entry-title entry-title '  itemprop=\"datePublished\" datetime=\"2023-12-19T10:16:01+01:00\" ><a href='https:\/\/www.cmc-group.info\/es\/de-la-formacion-a-la-vida-laboral\/' title='Del programa de estudios dual a la vida profesional'>Del programa de estudios dual a la vida profesional<\/a><\/h3><\/header><div class='slide-entry-excerpt entry-content'  itemprop=\"text\" >CMC es una empresa de formaci\u00f3n desde 2012. Estamos orgullosos de haber podido cumplir una tasa de retenci\u00f3n del 100% de nuestros estudiantes duales hasta la fecha. Las asociaciones educativas locales, como con la Universidad Estatal Cooperativa de Heidenheim, garantizan un intercambio con el personal\u2026<div class=\"read-more-link\"><a href=\"https:\/\/www.cmc-group.info\/es\/de-la-formacion-a-la-vida-laboral\/\" class=\"more-link\">M\u00e1s informaci\u00f3n<\/a><\/div><\/div><\/div><footer class=\"entry-footer\"><\/footer><span class='hidden'>\n\t\t\t\t<span class='av-structured-data'  itemprop=\"image\" itemscope=\"itemscope\" itemtype=\"https:\/\/schema.org\/ImageObject\" >\n\t\t\t\t\t\t<span itemprop='url'>https:\/\/www.cmc-group.info\/wp-content\/uploads\/news_vom-dualen-studium-ins-berufsleben.jpg<\/span>\n\t\t\t\t\t\t<span itemprop='height'>480<\/span>\n\t\t\t\t\t\t<span itemprop='width'>1080<\/span>\n\t\t\t\t<\/span>\n\t\t\t\t<span class='av-structured-data'  itemprop=\"publisher\" itemtype=\"https:\/\/schema.org\/Organization\" itemscope=\"itemscope\" >\n\t\t\t\t\t\t<span itemprop='name'>pixel-admin<\/span>\n\t\t\t\t\t\t<span itemprop='logo' itemscope itemtype='https:\/\/schema.org\/ImageObject'>\n\t\t\t\t\t\t\t<span itemprop='url'>https:\/\/www.cmc-group.info\/wp-content\/uploads\/cmc_logo_icon.svg<\/span>\n\t\t\t\t\t\t<\/span>\n\t\t\t\t<\/span><span class='av-structured-data'  itemprop=\"author\" itemscope=\"itemscope\" itemtype=\"https:\/\/schema.org\/Person\" ><span itemprop='name'>pixel-admin<\/span><\/span><span class='av-structured-data'  itemprop=\"datePublished\" datetime=\"2021-08-24T08:48:33+02:00\" >2023-12-19 10:16:01<\/span><span class='av-structured-data'  itemprop=\"dateModified\" itemtype=\"https:\/\/schema.org\/dateModified\" >2024-12-19 10:54:16<\/span><span class='av-structured-data'  itemprop=\"mainEntityOfPage\" itemtype=\"https:\/\/schema.org\/mainEntityOfPage\" ><span itemprop='name'>Del programa de estudios dual a la vida profesional<\/span><\/span><\/span><\/article><article class='slide-entry flex_column  post-entry post-entry-4540 slide-entry-overview slide-loop-5 slide-parity-even  empresa sin-categorizar av_one_third  real-thumbnail post-format-standard'  itemscope=\"itemscope\" itemtype=\"https:\/\/schema.org\/CreativeWork\" ><a href='https:\/\/www.cmc-group.info\/es\/asociacion-logistica-con-mayores-perspectivas-de-exito\/' data-rel='slide-1' class='slide-image' title='Asociaci\u00f3n log\u00edstica con mayores perspectivas de \u00e9xito'><img decoding=\"async\" fetchpriority=\"high\" width=\"1080\" height=\"480\" src=\"https:\/\/www.cmc-group.info\/wp-content\/uploads\/cmc_news_logistikpartnerschaft-erfolgsaussicht.jpg\" class=\"wp-image-4542 avia-img-lazy-loading-not-4542 attachment-no scaling size-no scaling wp-post-image\" alt=\"\" srcset=\"https:\/\/www.cmc-group.info\/wp-content\/uploads\/cmc_news_logistikpartnerschaft-erfolgsaussicht.jpg 1080w, https:\/\/www.cmc-group.info\/wp-content\/uploads\/cmc_news_logistikpartnerschaft-erfolgsaussicht-300x133.jpg 300w, https:\/\/www.cmc-group.info\/wp-content\/uploads\/cmc_news_logistikpartnerschaft-erfolgsaussicht-1030x458.jpg 1030w, https:\/\/www.cmc-group.info\/wp-content\/uploads\/cmc_news_logistikpartnerschaft-erfolgsaussicht-768x341.jpg 768w, https:\/\/www.cmc-group.info\/wp-content\/uploads\/cmc_news_logistikpartnerschaft-erfolgsaussicht-705x313.jpg 705w\" sizes=\"(max-width: 1080px) 100vw, 1080px\" \/><\/a><div class='slide-content'><header class=\"entry-content-header\"><div class='slide-meta'><time class='slide-meta-time updated'  itemprop=\"datePublished\" datetime=\"2023-06-26T17:25:03+02:00\" >26 de junio de 2023<\/time><\/div><h3 class='slide-entry-title entry-title '  itemprop=\"datePublished\" datetime=\"2023-06-26T17:25:03+02:00\" ><a href='https:\/\/www.cmc-group.info\/es\/asociacion-logistica-con-mayores-perspectivas-de-exito\/' title='Asociaci\u00f3n log\u00edstica con mayores perspectivas de \u00e9xito'>Asociaci\u00f3n log\u00edstica con mayores perspectivas de \u00e9xito<\/a><\/h3><\/header><div class='slide-entry-excerpt entry-content'  itemprop=\"text\" >Con la firma del contrato en diciembre de 2018, CMC hace oficial la cooperaci\u00f3n con el proveedor de servicios log\u00edsticos Hamacher Transporte, con sede en el pol\u00edgono industrial de Rurbenden.\n\nCMC y Hamacher miran hacia atr\u00e1s en una fase de construcci\u00f3n exitosa desde la colocaci\u00f3n de la primera\u2026<div class=\"read-more-link\"><a href=\"https:\/\/www.cmc-group.info\/es\/asociacion-logistica-con-mayores-perspectivas-de-exito\/\" class=\"more-link\">M\u00e1s informaci\u00f3n<\/a><\/div><\/div><\/div><footer class=\"entry-footer\"><\/footer><span class='hidden'>\n\t\t\t\t<span class='av-structured-data'  itemprop=\"image\" itemscope=\"itemscope\" itemtype=\"https:\/\/schema.org\/ImageObject\" >\n\t\t\t\t\t\t<span itemprop='url'>https:\/\/www.cmc-group.info\/wp-content\/uploads\/cmc_news_logistikpartnerschaft-erfolgsaussicht.jpg<\/span>\n\t\t\t\t\t\t<span itemprop='height'>480<\/span>\n\t\t\t\t\t\t<span itemprop='width'>1080<\/span>\n\t\t\t\t<\/span>\n\t\t\t\t<span class='av-structured-data'  itemprop=\"publisher\" itemtype=\"https:\/\/schema.org\/Organization\" itemscope=\"itemscope\" >\n\t\t\t\t\t\t<span itemprop='name'>pixel-admin<\/span>\n\t\t\t\t\t\t<span itemprop='logo' itemscope itemtype='https:\/\/schema.org\/ImageObject'>\n\t\t\t\t\t\t\t<span itemprop='url'>https:\/\/www.cmc-group.info\/wp-content\/uploads\/cmc_logo_icon.svg<\/span>\n\t\t\t\t\t\t<\/span>\n\t\t\t\t<\/span><span class='av-structured-data'  itemprop=\"author\" itemscope=\"itemscope\" itemtype=\"https:\/\/schema.org\/Person\" ><span itemprop='name'>pixel-admin<\/span><\/span><span class='av-structured-data'  itemprop=\"datePublished\" datetime=\"2021-08-24T08:48:33+02:00\" >2023-06-26 17:25:03<\/span><span class='av-structured-data'  itemprop=\"dateModified\" itemtype=\"https:\/\/schema.org\/dateModified\" >2023-06-26 17:25:03<\/span><span class='av-structured-data'  itemprop=\"mainEntityOfPage\" itemtype=\"https:\/\/schema.org\/mainEntityOfPage\" ><span itemprop='name'>Asociaci\u00f3n log\u00edstica con mayores perspectivas de \u00e9xito<\/span><\/span><\/span><\/article><article class='slide-entry flex_column  post-entry post-entry-4491 slide-entry-overview slide-loop-6 slide-parity-odd  sin-categorizar sostenibilidad av_one_third  real-thumbnail post-format-standard'  itemscope=\"itemscope\" itemtype=\"https:\/\/schema.org\/CreativeWork\" ><a href='https:\/\/www.cmc-group.info\/es\/bastoncillos-de-algodon-sin-plastico\/' data-rel='slide-1' class='slide-image' title='Bastoncillos de algod\u00f3n sin pl\u00e1stico'><img decoding=\"async\" fetchpriority=\"high\" width=\"1080\" height=\"480\" src=\"https:\/\/www.cmc-group.info\/wp-content\/uploads\/cmc_news_plastikfreie-wattestaebchen_neu.jpg\" class=\"wp-image-4497 avia-img-lazy-loading-not-4497 attachment-no scaling size-no scaling wp-post-image\" alt=\"\" srcset=\"https:\/\/www.cmc-group.info\/wp-content\/uploads\/cmc_news_plastikfreie-wattestaebchen_neu.jpg 1080w, https:\/\/www.cmc-group.info\/wp-content\/uploads\/cmc_news_plastikfreie-wattestaebchen_neu-300x133.jpg 300w, https:\/\/www.cmc-group.info\/wp-content\/uploads\/cmc_news_plastikfreie-wattestaebchen_neu-1030x458.jpg 1030w, https:\/\/www.cmc-group.info\/wp-content\/uploads\/cmc_news_plastikfreie-wattestaebchen_neu-768x341.jpg 768w, https:\/\/www.cmc-group.info\/wp-content\/uploads\/cmc_news_plastikfreie-wattestaebchen_neu-705x313.jpg 705w\" sizes=\"(max-width: 1080px) 100vw, 1080px\" \/><\/a><div class='slide-content'><header class=\"entry-content-header\"><div class='slide-meta'><time class='slide-meta-time updated'  itemprop=\"datePublished\" datetime=\"2023-06-20T10:13:06+02:00\" >20 de junio de 2023<\/time><\/div><h3 class='slide-entry-title entry-title '  itemprop=\"datePublished\" datetime=\"2023-06-20T10:13:06+02:00\" ><a href='https:\/\/www.cmc-group.info\/es\/bastoncillos-de-algodon-sin-plastico\/' title='Bastoncillos de algod\u00f3n sin pl\u00e1stico'>Bastoncillos de algod\u00f3n sin pl\u00e1stico<\/a><\/h3><\/header><div class='slide-entry-excerpt entry-content'  itemprop=\"text\" >Las im\u00e1genes de residuos pl\u00e1sticos en nuestros oc\u00e9anos nos han llevado a replantearnos la higiene de los cl\u00e1sicos bastoncillos de algod\u00f3n, durante mucho tiempo un producto t\u00edpico de pl\u00e1stico.\n\nNo s\u00f3lo se sustituyeron los ejes de pl\u00e1stico por ejes de papel sostenibles. Vamos un paso m\u00e1s all\u00e1\u2026<div class=\"read-more-link\"><a href=\"https:\/\/www.cmc-group.info\/es\/bastoncillos-de-algodon-sin-plastico\/\" class=\"more-link\">M\u00e1s informaci\u00f3n<\/a><\/div><\/div><\/div><footer class=\"entry-footer\"><\/footer><span class='hidden'>\n\t\t\t\t<span class='av-structured-data'  itemprop=\"image\" itemscope=\"itemscope\" itemtype=\"https:\/\/schema.org\/ImageObject\" >\n\t\t\t\t\t\t<span itemprop='url'>https:\/\/www.cmc-group.info\/wp-content\/uploads\/cmc_news_plastikfreie-wattestaebchen_neu.jpg<\/span>\n\t\t\t\t\t\t<span itemprop='height'>480<\/span>\n\t\t\t\t\t\t<span itemprop='width'>1080<\/span>\n\t\t\t\t<\/span>\n\t\t\t\t<span class='av-structured-data'  itemprop=\"publisher\" itemtype=\"https:\/\/schema.org\/Organization\" itemscope=\"itemscope\" >\n\t\t\t\t\t\t<span itemprop='name'>pixel-admin<\/span>\n\t\t\t\t\t\t<span itemprop='logo' itemscope itemtype='https:\/\/schema.org\/ImageObject'>\n\t\t\t\t\t\t\t<span itemprop='url'>https:\/\/www.cmc-group.info\/wp-content\/uploads\/cmc_logo_icon.svg<\/span>\n\t\t\t\t\t\t<\/span>\n\t\t\t\t<\/span><span class='av-structured-data'  itemprop=\"author\" itemscope=\"itemscope\" itemtype=\"https:\/\/schema.org\/Person\" ><span itemprop='name'>pixel-admin<\/span><\/span><span class='av-structured-data'  itemprop=\"datePublished\" datetime=\"2021-08-24T08:48:33+02:00\" >2023-06-20 10:13:06<\/span><span class='av-structured-data'  itemprop=\"dateModified\" itemtype=\"https:\/\/schema.org\/dateModified\" >2024-03-18 15:56:19<\/span><span class='av-structured-data'  itemprop=\"mainEntityOfPage\" itemtype=\"https:\/\/schema.org\/mainEntityOfPage\" ><span itemprop='name'>Bastoncillos de algod\u00f3n sin pl\u00e1stico<\/span><\/span><\/span><\/article><article class='slide-entry flex_column  post-entry post-entry-4526 slide-entry-overview slide-loop-7 slide-parity-odd  sin-categorizar sostenibilidad av_one_third first real-thumbnail post-format-standard'  itemscope=\"itemscope\" itemtype=\"https:\/\/schema.org\/CreativeWork\" ><a href='https:\/\/www.cmc-group.info\/es\/diseno-para-reciclar-diseno-de-envases-respetuosos-con-el-medio-ambiente\/' data-rel='slide-1' class='slide-image' title='\u00abDise\u00f1o para reciclar\u00bb &#8211; Dise\u00f1o de envases respetuosos con el medio ambiente'><img decoding=\"async\" fetchpriority=\"high\" width=\"1080\" height=\"480\" src=\"https:\/\/www.cmc-group.info\/wp-content\/uploads\/cmc_news_design-for-recycling-v2.jpg\" class=\"wp-image-4530 avia-img-lazy-loading-not-4530 attachment-no scaling size-no scaling wp-post-image\" alt=\"\" srcset=\"https:\/\/www.cmc-group.info\/wp-content\/uploads\/cmc_news_design-for-recycling-v2.jpg 1080w, https:\/\/www.cmc-group.info\/wp-content\/uploads\/cmc_news_design-for-recycling-v2-300x133.jpg 300w, https:\/\/www.cmc-group.info\/wp-content\/uploads\/cmc_news_design-for-recycling-v2-1030x458.jpg 1030w, https:\/\/www.cmc-group.info\/wp-content\/uploads\/cmc_news_design-for-recycling-v2-768x341.jpg 768w, https:\/\/www.cmc-group.info\/wp-content\/uploads\/cmc_news_design-for-recycling-v2-705x313.jpg 705w\" sizes=\"(max-width: 1080px) 100vw, 1080px\" \/><\/a><div class='slide-content'><header class=\"entry-content-header\"><div class='slide-meta'><time class='slide-meta-time updated'  itemprop=\"datePublished\" datetime=\"2023-06-20T10:12:39+02:00\" >20 de junio de 2023<\/time><\/div><h3 class='slide-entry-title entry-title '  itemprop=\"datePublished\" datetime=\"2023-06-20T10:12:39+02:00\" ><a href='https:\/\/www.cmc-group.info\/es\/diseno-para-reciclar-diseno-de-envases-respetuosos-con-el-medio-ambiente\/' title='\u00abDise\u00f1o para reciclar\u00bb &#8211; Dise\u00f1o de envases respetuosos con el medio ambiente'>\u00abDise\u00f1o para reciclar\u00bb &#8211; Dise\u00f1o de envases respetuosos con el medio ambiente<\/a><\/h3><\/header><div class='slide-entry-excerpt entry-content'  itemprop=\"text\" >Tambi\u00e9n en Europa, por desgracia, una proporci\u00f3n nada desde\u00f1able de residuos de envases sigue acabando en los vertederos en lugar de reciclarse.  \n\nPor eso es importante para nosotros promover la econom\u00eda circular y contribuir a un ciclo de reciclado que funcione con nuestro dise\u00f1o de envases. La\u2026<div class=\"read-more-link\"><a href=\"https:\/\/www.cmc-group.info\/es\/diseno-para-reciclar-diseno-de-envases-respetuosos-con-el-medio-ambiente\/\" class=\"more-link\">M\u00e1s informaci\u00f3n<\/a><\/div><\/div><\/div><footer class=\"entry-footer\"><\/footer><span class='hidden'>\n\t\t\t\t<span class='av-structured-data'  itemprop=\"image\" itemscope=\"itemscope\" itemtype=\"https:\/\/schema.org\/ImageObject\" >\n\t\t\t\t\t\t<span itemprop='url'>https:\/\/www.cmc-group.info\/wp-content\/uploads\/cmc_news_design-for-recycling-v2.jpg<\/span>\n\t\t\t\t\t\t<span itemprop='height'>480<\/span>\n\t\t\t\t\t\t<span itemprop='width'>1080<\/span>\n\t\t\t\t<\/span>\n\t\t\t\t<span class='av-structured-data'  itemprop=\"publisher\" itemtype=\"https:\/\/schema.org\/Organization\" itemscope=\"itemscope\" >\n\t\t\t\t\t\t<span itemprop='name'>pixel-admin<\/span>\n\t\t\t\t\t\t<span itemprop='logo' itemscope itemtype='https:\/\/schema.org\/ImageObject'>\n\t\t\t\t\t\t\t<span itemprop='url'>https:\/\/www.cmc-group.info\/wp-content\/uploads\/cmc_logo_icon.svg<\/span>\n\t\t\t\t\t\t<\/span>\n\t\t\t\t<\/span><span class='av-structured-data'  itemprop=\"author\" itemscope=\"itemscope\" itemtype=\"https:\/\/schema.org\/Person\" ><span itemprop='name'>pixel-admin<\/span><\/span><span class='av-structured-data'  itemprop=\"datePublished\" datetime=\"2021-08-24T08:48:33+02:00\" >2023-06-20 10:12:39<\/span><span class='av-structured-data'  itemprop=\"dateModified\" itemtype=\"https:\/\/schema.org\/dateModified\" >2024-03-18 15:56:18<\/span><span class='av-structured-data'  itemprop=\"mainEntityOfPage\" itemtype=\"https:\/\/schema.org\/mainEntityOfPage\" ><span itemprop='name'>\u00abDise\u00f1o para reciclar\u00bb &#8211; Dise\u00f1o de envases respetuosos con el medio ambiente<\/span><\/span><\/span><\/article><article class='slide-entry flex_column  post-entry post-entry-4507 slide-entry-overview slide-loop-8 slide-parity-even  sin-categorizar sostenibilidad av_one_third  real-thumbnail post-format-standard'  itemscope=\"itemscope\" itemtype=\"https:\/\/schema.org\/CreativeWork\" ><a href='https:\/\/www.cmc-group.info\/es\/almohadillas-de-algodon-sin-blanquear\/' data-rel='slide-1' class='slide-image' title='Almohadillas de algod\u00f3n sin blanquear'><img decoding=\"async\" fetchpriority=\"high\" width=\"1080\" height=\"480\" src=\"https:\/\/www.cmc-group.info\/wp-content\/uploads\/cmc_news_ungebleichte-wattepads_neu.jpg\" class=\"wp-image-4512 avia-img-lazy-loading-not-4512 attachment-no scaling size-no scaling wp-post-image\" alt=\"\" srcset=\"https:\/\/www.cmc-group.info\/wp-content\/uploads\/cmc_news_ungebleichte-wattepads_neu.jpg 1080w, https:\/\/www.cmc-group.info\/wp-content\/uploads\/cmc_news_ungebleichte-wattepads_neu-300x133.jpg 300w, https:\/\/www.cmc-group.info\/wp-content\/uploads\/cmc_news_ungebleichte-wattepads_neu-1030x458.jpg 1030w, https:\/\/www.cmc-group.info\/wp-content\/uploads\/cmc_news_ungebleichte-wattepads_neu-768x341.jpg 768w, https:\/\/www.cmc-group.info\/wp-content\/uploads\/cmc_news_ungebleichte-wattepads_neu-705x313.jpg 705w\" sizes=\"(max-width: 1080px) 100vw, 1080px\" \/><\/a><div class='slide-content'><header class=\"entry-content-header\"><div class='slide-meta'><time class='slide-meta-time updated'  itemprop=\"datePublished\" datetime=\"2023-06-19T09:43:47+02:00\" >19 de junio de 2023<\/time><\/div><h3 class='slide-entry-title entry-title '  itemprop=\"datePublished\" datetime=\"2023-06-19T09:43:47+02:00\" ><a href='https:\/\/www.cmc-group.info\/es\/almohadillas-de-algodon-sin-blanquear\/' title='Almohadillas de algod\u00f3n sin blanquear'>Almohadillas de algod\u00f3n sin blanquear<\/a><\/h3><\/header><div class='slide-entry-excerpt entry-content'  itemprop=\"text\" >\u00bfPor qu\u00e9 conformarse con volver al original cuando se trata de productos de algod\u00f3n?\n\nLa naturalidad est\u00e1 de moda, por eso hemos creado una alternativa sostenible a los productos de higiene blanqueados con nuestras almohadillas de algod\u00f3n natural. Para la producci\u00f3n de algod\u00f3n en rama de las almohadillas\u2026<div class=\"read-more-link\"><a href=\"https:\/\/www.cmc-group.info\/es\/almohadillas-de-algodon-sin-blanquear\/\" class=\"more-link\">M\u00e1s informaci\u00f3n<\/a><\/div><\/div><\/div><footer class=\"entry-footer\"><\/footer><span class='hidden'>\n\t\t\t\t<span class='av-structured-data'  itemprop=\"image\" itemscope=\"itemscope\" itemtype=\"https:\/\/schema.org\/ImageObject\" >\n\t\t\t\t\t\t<span itemprop='url'>https:\/\/www.cmc-group.info\/wp-content\/uploads\/cmc_news_ungebleichte-wattepads_neu.jpg<\/span>\n\t\t\t\t\t\t<span itemprop='height'>480<\/span>\n\t\t\t\t\t\t<span itemprop='width'>1080<\/span>\n\t\t\t\t<\/span>\n\t\t\t\t<span class='av-structured-data'  itemprop=\"publisher\" itemtype=\"https:\/\/schema.org\/Organization\" itemscope=\"itemscope\" >\n\t\t\t\t\t\t<span itemprop='name'>pixel-admin<\/span>\n\t\t\t\t\t\t<span itemprop='logo' itemscope itemtype='https:\/\/schema.org\/ImageObject'>\n\t\t\t\t\t\t\t<span itemprop='url'>https:\/\/www.cmc-group.info\/wp-content\/uploads\/cmc_logo_icon.svg<\/span>\n\t\t\t\t\t\t<\/span>\n\t\t\t\t<\/span><span class='av-structured-data'  itemprop=\"author\" itemscope=\"itemscope\" itemtype=\"https:\/\/schema.org\/Person\" ><span itemprop='name'>pixel-admin<\/span><\/span><span class='av-structured-data'  itemprop=\"datePublished\" datetime=\"2021-08-24T08:48:33+02:00\" >2023-06-19 09:43:47<\/span><span class='av-structured-data'  itemprop=\"dateModified\" itemtype=\"https:\/\/schema.org\/dateModified\" >2024-03-18 15:56:17<\/span><span class='av-structured-data'  itemprop=\"mainEntityOfPage\" itemtype=\"https:\/\/schema.org\/mainEntityOfPage\" ><span itemprop='name'>Almohadillas de algod\u00f3n sin blanquear<\/span><\/span><\/span><\/article><article class='slide-entry flex_column  post-entry post-entry-4535 slide-entry-overview slide-loop-9 slide-parity-odd  innovaciones sin-categorizar av_one_third  real-thumbnail post-format-standard'  itemscope=\"itemscope\" itemtype=\"https:\/\/schema.org\/CreativeWork\" ><a href='https:\/\/www.cmc-group.info\/es\/almohadillas-exfoliantes-aha-pha-glow\/' data-rel='slide-1' class='slide-image' title='Almohadillas exfoliantes AHA + PHA Glow'><img decoding=\"async\" fetchpriority=\"high\" width=\"1080\" height=\"480\" src=\"https:\/\/www.cmc-group.info\/wp-content\/uploads\/AHA_Peeling_Pads_Abbildung_2025.jpg\" class=\"wp-image-7227 avia-img-lazy-loading-not-7227 attachment-no scaling size-no scaling wp-post-image\" alt=\"\" srcset=\"https:\/\/www.cmc-group.info\/wp-content\/uploads\/AHA_Peeling_Pads_Abbildung_2025.jpg 1080w, https:\/\/www.cmc-group.info\/wp-content\/uploads\/AHA_Peeling_Pads_Abbildung_2025-300x133.jpg 300w, https:\/\/www.cmc-group.info\/wp-content\/uploads\/AHA_Peeling_Pads_Abbildung_2025-1030x458.jpg 1030w, https:\/\/www.cmc-group.info\/wp-content\/uploads\/AHA_Peeling_Pads_Abbildung_2025-768x341.jpg 768w, https:\/\/www.cmc-group.info\/wp-content\/uploads\/AHA_Peeling_Pads_Abbildung_2025-705x313.jpg 705w\" sizes=\"(max-width: 1080px) 100vw, 1080px\" \/><\/a><div class='slide-content'><header class=\"entry-content-header\"><div class='slide-meta'><time class='slide-meta-time updated'  itemprop=\"datePublished\" datetime=\"2023-06-18T09:42:41+02:00\" >18 de junio de 2023<\/time><\/div><h3 class='slide-entry-title entry-title '  itemprop=\"datePublished\" datetime=\"2023-06-18T09:42:41+02:00\" ><a href='https:\/\/www.cmc-group.info\/es\/almohadillas-exfoliantes-aha-pha-glow\/' title='Almohadillas exfoliantes AHA + PHA Glow'>Almohadillas exfoliantes AHA + PHA Glow<\/a><\/h3><\/header><div class='slide-entry-excerpt entry-content'  itemprop=\"text\" >\u00a1Tez apagada ad\u00e9!  \n\nLos peelings qu\u00edmicos con \u00e1cidos frutales suaves se consideran eficaces embellecedores del cutis. Nuestras nuevas almohadillas exfoliantes con un 10% de complejo de \u00e1cidos frutales AHA + PHA dejan la piel maravillosamente suave y garantizan un cutis fresco y radiante. Contienen\u2026<div class=\"read-more-link\"><a href=\"https:\/\/www.cmc-group.info\/es\/almohadillas-exfoliantes-aha-pha-glow\/\" class=\"more-link\">M\u00e1s informaci\u00f3n<\/a><\/div><\/div><\/div><footer class=\"entry-footer\"><\/footer><span class='hidden'>\n\t\t\t\t<span class='av-structured-data'  itemprop=\"image\" itemscope=\"itemscope\" itemtype=\"https:\/\/schema.org\/ImageObject\" >\n\t\t\t\t\t\t<span itemprop='url'>https:\/\/www.cmc-group.info\/wp-content\/uploads\/AHA_Peeling_Pads_Abbildung_2025.jpg<\/span>\n\t\t\t\t\t\t<span itemprop='height'>480<\/span>\n\t\t\t\t\t\t<span itemprop='width'>1080<\/span>\n\t\t\t\t<\/span>\n\t\t\t\t<span class='av-structured-data'  itemprop=\"publisher\" itemtype=\"https:\/\/schema.org\/Organization\" itemscope=\"itemscope\" >\n\t\t\t\t\t\t<span itemprop='name'>pixel-admin<\/span>\n\t\t\t\t\t\t<span itemprop='logo' itemscope itemtype='https:\/\/schema.org\/ImageObject'>\n\t\t\t\t\t\t\t<span itemprop='url'>https:\/\/www.cmc-group.info\/wp-content\/uploads\/cmc_logo_icon.svg<\/span>\n\t\t\t\t\t\t<\/span>\n\t\t\t\t<\/span><span class='av-structured-data'  itemprop=\"author\" itemscope=\"itemscope\" itemtype=\"https:\/\/schema.org\/Person\" ><span itemprop='name'>pixel-admin<\/span><\/span><span class='av-structured-data'  itemprop=\"datePublished\" datetime=\"2021-08-24T08:48:33+02:00\" >2023-06-18 09:42:41<\/span><span class='av-structured-data'  itemprop=\"dateModified\" itemtype=\"https:\/\/schema.org\/dateModified\" >2024-03-18 15:56:20<\/span><span class='av-structured-data'  itemprop=\"mainEntityOfPage\" itemtype=\"https:\/\/schema.org\/mainEntityOfPage\" ><span itemprop='name'>Almohadillas exfoliantes AHA + PHA Glow<\/span><\/span><\/span><\/article><article class='slide-entry flex_column  post-entry post-entry-4516 slide-entry-overview slide-loop-10 slide-parity-odd  innovaciones sin-categorizar av_one_third first real-thumbnail post-format-standard'  itemscope=\"itemscope\" itemtype=\"https:\/\/schema.org\/CreativeWork\" ><a href='https:\/\/www.cmc-group.info\/es\/almohadilla-biodegradable\/' data-rel='slide-1' class='slide-image' title='Almohadilla biodegradable'><img decoding=\"async\" fetchpriority=\"high\" width=\"1080\" height=\"480\" src=\"https:\/\/www.cmc-group.info\/wp-content\/uploads\/cmc_news_biologisch-abbaubares-peel-pad_neu.jpg\" class=\"wp-image-4522 avia-img-lazy-loading-not-4522 attachment-no scaling size-no scaling wp-post-image\" alt=\"\" srcset=\"https:\/\/www.cmc-group.info\/wp-content\/uploads\/cmc_news_biologisch-abbaubares-peel-pad_neu.jpg 1080w, https:\/\/www.cmc-group.info\/wp-content\/uploads\/cmc_news_biologisch-abbaubares-peel-pad_neu-300x133.jpg 300w, https:\/\/www.cmc-group.info\/wp-content\/uploads\/cmc_news_biologisch-abbaubares-peel-pad_neu-1030x458.jpg 1030w, https:\/\/www.cmc-group.info\/wp-content\/uploads\/cmc_news_biologisch-abbaubares-peel-pad_neu-768x341.jpg 768w, https:\/\/www.cmc-group.info\/wp-content\/uploads\/cmc_news_biologisch-abbaubares-peel-pad_neu-705x313.jpg 705w\" sizes=\"(max-width: 1080px) 100vw, 1080px\" \/><\/a><div class='slide-content'><header class=\"entry-content-header\"><div class='slide-meta'><time class='slide-meta-time updated'  itemprop=\"datePublished\" datetime=\"2023-06-17T09:43:49+02:00\" >17 de junio de 2023<\/time><\/div><h3 class='slide-entry-title entry-title '  itemprop=\"datePublished\" datetime=\"2023-06-17T09:43:49+02:00\" ><a href='https:\/\/www.cmc-group.info\/es\/almohadilla-biodegradable\/' title='Almohadilla biodegradable'>Almohadilla biodegradable<\/a><\/h3><\/header><div class='slide-entry-excerpt entry-content'  itemprop=\"text\" >La sostenibilidad se une a la funcionalidad y el dise\u00f1o.\n\nConscientes de nuestra responsabilidad con el medio ambiente, hemos desarrollado una almohadilla exfoliante que no contiene agentes exfoliantes perjudiciales para el medio ambiente. El revestimiento de dise\u00f1o innovador con carb\u00f3n activado proporciona\u2026<div class=\"read-more-link\"><a href=\"https:\/\/www.cmc-group.info\/es\/almohadilla-biodegradable\/\" class=\"more-link\">M\u00e1s informaci\u00f3n<\/a><\/div><\/div><\/div><footer class=\"entry-footer\"><\/footer><span class='hidden'>\n\t\t\t\t<span class='av-structured-data'  itemprop=\"image\" itemscope=\"itemscope\" itemtype=\"https:\/\/schema.org\/ImageObject\" >\n\t\t\t\t\t\t<span itemprop='url'>https:\/\/www.cmc-group.info\/wp-content\/uploads\/cmc_news_biologisch-abbaubares-peel-pad_neu.jpg<\/span>\n\t\t\t\t\t\t<span itemprop='height'>480<\/span>\n\t\t\t\t\t\t<span itemprop='width'>1080<\/span>\n\t\t\t\t<\/span>\n\t\t\t\t<span class='av-structured-data'  itemprop=\"publisher\" itemtype=\"https:\/\/schema.org\/Organization\" itemscope=\"itemscope\" >\n\t\t\t\t\t\t<span itemprop='name'>pixel-admin<\/span>\n\t\t\t\t\t\t<span itemprop='logo' itemscope itemtype='https:\/\/schema.org\/ImageObject'>\n\t\t\t\t\t\t\t<span itemprop='url'>https:\/\/www.cmc-group.info\/wp-content\/uploads\/cmc_logo_icon.svg<\/span>\n\t\t\t\t\t\t<\/span>\n\t\t\t\t<\/span><span class='av-structured-data'  itemprop=\"author\" itemscope=\"itemscope\" itemtype=\"https:\/\/schema.org\/Person\" ><span itemprop='name'>pixel-admin<\/span><\/span><span class='av-structured-data'  itemprop=\"datePublished\" datetime=\"2021-08-24T08:48:33+02:00\" >2023-06-17 09:43:49<\/span><span class='av-structured-data'  itemprop=\"dateModified\" itemtype=\"https:\/\/schema.org\/dateModified\" >2024-03-18 15:56:19<\/span><span class='av-structured-data'  itemprop=\"mainEntityOfPage\" itemtype=\"https:\/\/schema.org\/mainEntityOfPage\" ><span itemprop='name'>Almohadilla biodegradable<\/span><\/span><\/span><\/article><article class='slide-entry flex_column  post-entry post-entry-4543 slide-entry-overview slide-loop-11 slide-parity-even  post-entry-last  innovaciones sin-categorizar av_one_third  real-thumbnail post-format-standard'  itemscope=\"itemscope\" itemtype=\"https:\/\/schema.org\/CreativeWork\" ><a href='https:\/\/www.cmc-group.info\/es\/almohadillas-con-textura-3d\/' data-rel='slide-1' class='slide-image' title='Almohadillas con textura 3D'><img decoding=\"async\" fetchpriority=\"high\" width=\"1080\" height=\"480\" src=\"https:\/\/www.cmc-group.info\/wp-content\/uploads\/cmc_news_strukturierte-3D-pads-v2.jpg\" class=\"wp-image-4544 avia-img-lazy-loading-not-4544 attachment-no scaling size-no scaling wp-post-image\" alt=\"\" srcset=\"https:\/\/www.cmc-group.info\/wp-content\/uploads\/cmc_news_strukturierte-3D-pads-v2.jpg 1080w, https:\/\/www.cmc-group.info\/wp-content\/uploads\/cmc_news_strukturierte-3D-pads-v2-300x133.jpg 300w, https:\/\/www.cmc-group.info\/wp-content\/uploads\/cmc_news_strukturierte-3D-pads-v2-1030x458.jpg 1030w, https:\/\/www.cmc-group.info\/wp-content\/uploads\/cmc_news_strukturierte-3D-pads-v2-768x341.jpg 768w, https:\/\/www.cmc-group.info\/wp-content\/uploads\/cmc_news_strukturierte-3D-pads-v2-705x313.jpg 705w\" sizes=\"(max-width: 1080px) 100vw, 1080px\" \/><\/a><div class='slide-content'><header class=\"entry-content-header\"><div class='slide-meta'><time class='slide-meta-time updated'  itemprop=\"datePublished\" datetime=\"2023-06-16T09:43:50+02:00\" >16 de junio de 2023<\/time><\/div><h3 class='slide-entry-title entry-title '  itemprop=\"datePublished\" datetime=\"2023-06-16T09:43:50+02:00\" ><a href='https:\/\/www.cmc-group.info\/es\/almohadillas-con-textura-3d\/' title='Almohadillas con textura 3D'>Almohadillas con textura 3D<\/a><\/h3><\/header><div class='slide-entry-excerpt entry-content'  itemprop=\"text\" >Como complemento a una amplia gama de dise\u00f1os en relieve para almohadillas de algod\u00f3n, nuestro vanguardista proceso de uni\u00f3n de telas no tejidas mediante aguja de chorro de agua ofrece nuevas opciones de dise\u00f1o de superficies para almohadillas de algod\u00f3n.\n\nEn lugar del gofrado convencional mediante\u2026<div class=\"read-more-link\"><a href=\"https:\/\/www.cmc-group.info\/es\/almohadillas-con-textura-3d\/\" class=\"more-link\">M\u00e1s informaci\u00f3n<\/a><\/div><\/div><\/div><footer class=\"entry-footer\"><\/footer><span class='hidden'>\n\t\t\t\t<span class='av-structured-data'  itemprop=\"image\" itemscope=\"itemscope\" itemtype=\"https:\/\/schema.org\/ImageObject\" >\n\t\t\t\t\t\t<span itemprop='url'>https:\/\/www.cmc-group.info\/wp-content\/uploads\/cmc_news_strukturierte-3D-pads-v2.jpg<\/span>\n\t\t\t\t\t\t<span itemprop='height'>480<\/span>\n\t\t\t\t\t\t<span itemprop='width'>1080<\/span>\n\t\t\t\t<\/span>\n\t\t\t\t<span class='av-structured-data'  itemprop=\"publisher\" itemtype=\"https:\/\/schema.org\/Organization\" itemscope=\"itemscope\" >\n\t\t\t\t\t\t<span itemprop='name'>pixel-admin<\/span>\n\t\t\t\t\t\t<span itemprop='logo' itemscope itemtype='https:\/\/schema.org\/ImageObject'>\n\t\t\t\t\t\t\t<span itemprop='url'>https:\/\/www.cmc-group.info\/wp-content\/uploads\/cmc_logo_icon.svg<\/span>\n\t\t\t\t\t\t<\/span>\n\t\t\t\t<\/span><span class='av-structured-data'  itemprop=\"author\" itemscope=\"itemscope\" itemtype=\"https:\/\/schema.org\/Person\" ><span itemprop='name'>pixel-admin<\/span><\/span><span class='av-structured-data'  itemprop=\"datePublished\" datetime=\"2021-08-24T08:48:33+02:00\" >2023-06-16 09:43:50<\/span><span class='av-structured-data'  itemprop=\"dateModified\" itemtype=\"https:\/\/schema.org\/dateModified\" >2024-03-18 15:56:19<\/span><span class='av-structured-data'  itemprop=\"mainEntityOfPage\" itemtype=\"https:\/\/schema.org\/mainEntityOfPage\" ><span itemprop='name'>Almohadillas con textura 3D<\/span><\/span><\/span><\/article><\/div><\/div><\/p><\/div>\n\n","protected":false},"excerpt":{"rendered":"","protected":false},"author":1,"featured_media":0,"parent":0,"menu_order":5,"comment_status":"closed","ping_status":"closed","template":"","meta":{"_acf_changed":false,"inline_featured_image":false,"footnotes":""},"class_list":["post-4779","page","type-page","status-publish","hentry"],"acf":[],"yoast_head":"<!-- This site is optimized with the Yoast SEO plugin v27.3 - https:\/\/yoast.com\/product\/yoast-seo-wordpress\/ -->\n<title>Noticias del mundo de CMC: Noticias y actualizaciones<\/title>\n<meta name=\"description\" content=\"Todas las \u00faltimas noticias sobre nuestra empresa, las innovaciones de nuestros productos y nuestros pasos hacia un futuro sostenible. \u25ba \u00a1Explora ahora!\" \/>\n<meta name=\"robots\" content=\"index, follow, max-snippet:-1, max-image-preview:large, max-video-preview:-1\" \/>\n<link rel=\"canonical\" href=\"https:\/\/www.cmc-group.info\/es\/noticias\/\" \/>\n<meta property=\"og:locale\" content=\"es_ES\" \/>\n<meta property=\"og:type\" content=\"article\" \/>\n<meta property=\"og:title\" content=\"Noticias del mundo de CMC: Noticias y actualizaciones\" \/>\n<meta property=\"og:description\" content=\"Todas las \u00faltimas noticias sobre nuestra empresa, las innovaciones de nuestros productos y nuestros pasos hacia un futuro sostenible. \u25ba \u00a1Explora ahora!\" \/>\n<meta property=\"og:url\" content=\"https:\/\/www.cmc-group.info\/es\/noticias\/\" \/>\n<meta property=\"og:site_name\" content=\"CMC Consumer Medical Care\" \/>\n<meta property=\"article:modified_time\" content=\"2024-03-18T14:50:23+00:00\" \/>\n<meta name=\"twitter:card\" content=\"summary_large_image\" \/>\n<meta name=\"twitter:label1\" content=\"Tiempo de lectura\" \/>\n\t<meta name=\"twitter:data1\" content=\"2 minutos\" \/>\n<script type=\"application\/ld+json\" class=\"yoast-schema-graph\">{\"@context\":\"https:\\\/\\\/schema.org\",\"@graph\":[{\"@type\":\"WebPage\",\"@id\":\"https:\\\/\\\/www.cmc-group.info\\\/es\\\/noticias\\\/\",\"url\":\"https:\\\/\\\/www.cmc-group.info\\\/es\\\/noticias\\\/\",\"name\":\"Noticias del mundo de CMC: Noticias y actualizaciones\",\"isPartOf\":{\"@id\":\"https:\\\/\\\/www.cmc-group.info\\\/#website\"},\"datePublished\":\"2021-08-24T06:48:33+00:00\",\"dateModified\":\"2024-03-18T14:50:23+00:00\",\"description\":\"Todas las \u00faltimas noticias sobre nuestra empresa, las innovaciones de nuestros productos y nuestros pasos hacia un futuro sostenible. \u25ba \u00a1Explora ahora!\",\"breadcrumb\":{\"@id\":\"https:\\\/\\\/www.cmc-group.info\\\/es\\\/noticias\\\/#breadcrumb\"},\"inLanguage\":\"es\",\"potentialAction\":[{\"@type\":\"ReadAction\",\"target\":[\"https:\\\/\\\/www.cmc-group.info\\\/es\\\/noticias\\\/\"]}]},{\"@type\":\"BreadcrumbList\",\"@id\":\"https:\\\/\\\/www.cmc-group.info\\\/es\\\/noticias\\\/#breadcrumb\",\"itemListElement\":[{\"@type\":\"ListItem\",\"position\":1,\"name\":\"Startseite\",\"item\":\"https:\\\/\\\/www.cmc-group.info\\\/es\\\/inicio\\\/\"},{\"@type\":\"ListItem\",\"position\":2,\"name\":\"Noticias\"}]},{\"@type\":\"WebSite\",\"@id\":\"https:\\\/\\\/www.cmc-group.info\\\/#website\",\"url\":\"https:\\\/\\\/www.cmc-group.info\\\/\",\"name\":\"CMC Consumer Medical Care\",\"description\":\"\",\"potentialAction\":[{\"@type\":\"SearchAction\",\"target\":{\"@type\":\"EntryPoint\",\"urlTemplate\":\"https:\\\/\\\/www.cmc-group.info\\\/?s={search_term_string}\"},\"query-input\":{\"@type\":\"PropertyValueSpecification\",\"valueRequired\":true,\"valueName\":\"search_term_string\"}}],\"inLanguage\":\"es\"}]}<\/script>\n<!-- \/ Yoast SEO plugin. -->","yoast_head_json":{"title":"Noticias del mundo de CMC: Noticias y actualizaciones","description":"Todas las \u00faltimas noticias sobre nuestra empresa, las innovaciones de nuestros productos y nuestros pasos hacia un futuro sostenible. \u25ba \u00a1Explora ahora!","robots":{"index":"index","follow":"follow","max-snippet":"max-snippet:-1","max-image-preview":"max-image-preview:large","max-video-preview":"max-video-preview:-1"},"canonical":"https:\/\/www.cmc-group.info\/es\/noticias\/","og_locale":"es_ES","og_type":"article","og_title":"Noticias del mundo de CMC: Noticias y actualizaciones","og_description":"Todas las \u00faltimas noticias sobre nuestra empresa, las innovaciones de nuestros productos y nuestros pasos hacia un futuro sostenible. \u25ba \u00a1Explora ahora!","og_url":"https:\/\/www.cmc-group.info\/es\/noticias\/","og_site_name":"CMC Consumer Medical Care","article_modified_time":"2024-03-18T14:50:23+00:00","twitter_card":"summary_large_image","twitter_misc":{"Tiempo de lectura":"2 minutos"},"schema":{"@context":"https:\/\/schema.org","@graph":[{"@type":"WebPage","@id":"https:\/\/www.cmc-group.info\/es\/noticias\/","url":"https:\/\/www.cmc-group.info\/es\/noticias\/","name":"Noticias del mundo de CMC: Noticias y actualizaciones","isPartOf":{"@id":"https:\/\/www.cmc-group.info\/#website"},"datePublished":"2021-08-24T06:48:33+00:00","dateModified":"2024-03-18T14:50:23+00:00","description":"Todas las \u00faltimas noticias sobre nuestra empresa, las innovaciones de nuestros productos y nuestros pasos hacia un futuro sostenible. \u25ba \u00a1Explora ahora!","breadcrumb":{"@id":"https:\/\/www.cmc-group.info\/es\/noticias\/#breadcrumb"},"inLanguage":"es","potentialAction":[{"@type":"ReadAction","target":["https:\/\/www.cmc-group.info\/es\/noticias\/"]}]},{"@type":"BreadcrumbList","@id":"https:\/\/www.cmc-group.info\/es\/noticias\/#breadcrumb","itemListElement":[{"@type":"ListItem","position":1,"name":"Startseite","item":"https:\/\/www.cmc-group.info\/es\/inicio\/"},{"@type":"ListItem","position":2,"name":"Noticias"}]},{"@type":"WebSite","@id":"https:\/\/www.cmc-group.info\/#website","url":"https:\/\/www.cmc-group.info\/","name":"CMC Consumer Medical Care","description":"","potentialAction":[{"@type":"SearchAction","target":{"@type":"EntryPoint","urlTemplate":"https:\/\/www.cmc-group.info\/?s={search_term_string}"},"query-input":{"@type":"PropertyValueSpecification","valueRequired":true,"valueName":"search_term_string"}}],"inLanguage":"es"}]}},"_links":{"self":[{"href":"https:\/\/www.cmc-group.info\/es\/wp-json\/wp\/v2\/pages\/4779","targetHints":{"allow":["GET"]}}],"collection":[{"href":"https:\/\/www.cmc-group.info\/es\/wp-json\/wp\/v2\/pages"}],"about":[{"href":"https:\/\/www.cmc-group.info\/es\/wp-json\/wp\/v2\/types\/page"}],"author":[{"embeddable":true,"href":"https:\/\/www.cmc-group.info\/es\/wp-json\/wp\/v2\/users\/1"}],"replies":[{"embeddable":true,"href":"https:\/\/www.cmc-group.info\/es\/wp-json\/wp\/v2\/comments?post=4779"}],"version-history":[{"count":18,"href":"https:\/\/www.cmc-group.info\/es\/wp-json\/wp\/v2\/pages\/4779\/revisions"}],"predecessor-version":[{"id":5758,"href":"https:\/\/www.cmc-group.info\/es\/wp-json\/wp\/v2\/pages\/4779\/revisions\/5758"}],"wp:attachment":[{"href":"https:\/\/www.cmc-group.info\/es\/wp-json\/wp\/v2\/media?parent=4779"}],"curies":[{"name":"wp","href":"https:\/\/api.w.org\/{rel}","templated":true}]}}